{"id":1645,"date":"2020-01-15T11:07:41","date_gmt":"2020-01-15T10:07:41","guid":{"rendered":"https:\/\/ceaga.com\/?page_id=1645"},"modified":"2026-04-09T08:08:44","modified_gmt":"2026-04-09T06:08:44","slug":"ceaga-corporate-university","status":"publish","type":"page","link":"https:\/\/www.ceaga.com\/en\/ceaga-corporate-university\/","title":{"rendered":"CEAGA Corporate University"},"content":{"rendered":"\n<div id=\"cabecera-formacion\" class=\"wp-block-hacce-wrapper\" style=\"background-image:url(https:\/\/ceaga.com\/wp-content\/uploads\/2020\/01\/formacionBG-dark-1.jpg)\"><div class=\"container\"><div class=\"wp-block-image\">\n<figure class=\"aligncenter size-medium\"><img decoding=\"async\" src=\"https:\/\/ceaga.com\/wp-content\/uploads\/2020\/02\/logo_ucc_white-300x85.png\" alt=\"\" class=\"wp-image-10326\"\/><\/figure><\/div>\n\n\n<h1 class=\"wp-block-heading has-text-align-center\"><span>CEAGA<\/span> CORPORATE UNIVERSITY<\/h1>\n\n\n\n<h4 class=\"wp-block-heading has-text-align-center\"> CEAGA Corporate University represents a firm commitment to automotive differential and strategic training. <\/h4>\n\n\n\n<p class=\"has-text-align-center\"><a href=\"\/en\/ceaga-corporate-university\/training-offer\/\" class=\"btn-ceaga btn-ceaga-rojo btn-ceaga-blanco-bg\">SEE TRAINING OFFER <span><\/span><\/a><\/p>\n<\/div><\/div>\n\n\n\n<svg xmlns=\"http:\/\/www.w3.org\/2000\/svg\" width=\"1920\" height=\"319.92\" viewBox=\"0 0 1920 319.92\" id=\"curvaCabecera\"><path id=\"Trazado_1631\" data-name=\"Trazado 1631\" d=\"M-23116,1410.248v242.728h1920V1470.595s-259.34-126.057-623.449-136.786-642.342,96.555-832.982,100.578S-23116,1410.248-23116,1410.248Z\" transform=\"translate(23116.002 -1333.056)\" fill=\"#fff\"><\/path><\/svg>\n\n\n\n<div id=\"presentacion-formacion\" class=\"wp-block-hacce-wrapper pb-5\"><div class=\"container\">\n<div class=\"wp-block-hacce-wrapper row\">\n<div class=\"wp-block-hacce-wrapper col-lg-4 wow fadeInLeft\">\n<h2 class=\"wp-block-heading\"><strong>Training catalogue specifically designed by and for the automotive sector<\/strong><\/h2>\n<\/div>\n\n\n\n<div class=\"wp-block-hacce-wrapper col-lg-8 wow fadeInRight\">\n<p>The UCC&#8217;s training programmes combine tactical training, to meet the current training needs of the companies, with programmes with a more strategic focus to actively contribute to the long term competitiveness of the sector.<\/p>\n\n\n\n<p>The UCC develops a large part of its training activity in the plants of the Cluster member companies, as well as through the execution of projects, being a clear example and reference of \u201clearning in action\u201d.<\/p>\n\n\n\n<p>The training given by UCC, while being mainly aimed at professionals working for CEAGA member companies, keeps an open door to the participation of professionals from other sectors and, in particular, to postgraduates and unemployed technicians, in order to favour their entry into the labour market.<\/p>\n\n\n\n<p>In the context of the digitization of training, the UCC has a catalogue of online courses aimed mainly at the requalification and recycling of workers. Thanks to an agreement signed with the Xunta de Galicia, more than 60 subsidized training courses related to different transversal themes and others of a more technical nature are offered. With this new modality, the UCC offers face-to-face training, virtual classroom, teletraining and mixed.<\/p>\n<\/div>\n<\/div>\n<\/div><\/div>\n\n\n\n<div id=\"propuesta-formacion\" class=\"wp-block-hacce-wrapper py-5\" style=\"background-image:url(https:\/\/ceaga.com\/wp-content\/uploads\/2020\/01\/propuestaBG-1.jpg)\"><div class=\"container\">\n<div class=\"wp-block-hacce-wrapper aligncenter row justify-content-center\">\n<div class=\"wp-block-hacce-wrapper col-lg-12 wow fadeIn\">\n<h3 class=\"wp-block-heading\"><strong>CEAGA Corporate University\u2019s value proposition<\/strong>:<\/h3>\n<\/div>\n\n\n\n<div class=\"wp-block-hacce-wrapper col-lg-4 mb-4 wow fadeIn\">\n<div class=\"wp-block-group propuesta\"><div class=\"wp-block-group__inner-container is-layout-flow wp-block-group-is-layout-flow\">\n<figure class=\"wp-block-image size-large\"><img decoding=\"async\" src=\"https:\/\/ceaga.com\/wp-content\/uploads\/2020\/01\/ico-vinculacion-1.png\" alt=\"\" class=\"wp-image-1807\"\/><\/figure>\n\n\n\n<h4 class=\"wp-block-heading\">Close connection to business reality<\/h4>\n\n\n\n<p>The UCC\u2019s teaching panel is mostly made up of active professionals with a strong expertise in the automotive sector. The optimal adjustment to the sector needs is ensured trough continuous interaction with the cluster companies.<\/p>\n<\/div><\/div>\n<\/div>\n\n\n\n<div class=\"wp-block-hacce-wrapper col-lg-4 mb-4 wow fadeIn\">\n<div class=\"wp-block-group propuesta\"><div class=\"wp-block-group__inner-container is-layout-flow wp-block-group-is-layout-flow\">\n<figure class=\"wp-block-image size-large\"><img decoding=\"async\" src=\"https:\/\/ceaga.com\/wp-content\/uploads\/2020\/01\/ico-formacion-1.png\" alt=\"\" class=\"wp-image-1809\"\/><\/figure>\n\n\n\n<h4 class=\"wp-block-heading\">Truly practical and applied training<\/h4>\n\n\n\n<p>UCC students work in teams on projects and real cases with set objectives and targets responding to the actual needs of companies.<\/p>\n<\/div><\/div>\n<\/div>\n\n\n\n<div class=\"wp-block-hacce-wrapper col-lg-4 mb-4 wow fadeIn\">\n<div class=\"wp-block-group propuesta\"><div class=\"wp-block-group__inner-container is-layout-flow wp-block-group-is-layout-flow\">\n<figure class=\"wp-block-image size-large\"><img decoding=\"async\" src=\"https:\/\/ceaga.com\/wp-content\/uploads\/2020\/01\/ico-ventana-1.png\" alt=\"\" class=\"wp-image-1811\"\/><\/figure>\n\n\n\n<h4 class=\"wp-block-heading\">A window to the outside world<\/h4>\n\n\n\n<p>The UCC encourages and promotes the openness to other activities and industries, through the participation of external speakers and students from outside the industry, as well as through visits to plants of other sectors.<\/p>\n<\/div><\/div>\n<\/div>\n\n\n\n<div class=\"wp-block-hacce-wrapper col-lg-4 mb-4 wow fadeIn\">\n<div class=\"wp-block-group propuesta\"><div class=\"wp-block-group__inner-container is-layout-flow wp-block-group-is-layout-flow\">\n<figure class=\"wp-block-image size-large\"><img decoding=\"async\" src=\"https:\/\/ceaga.com\/wp-content\/uploads\/2020\/01\/ico-networking-1.png\" alt=\"\" class=\"wp-image-1813\"\/><\/figure>\n\n\n\n<h4 class=\"wp-block-heading\">Strong networking<\/h4>\n\n\n\n<p>The courses, programmes and sessions organised by UCC promote and foster the creation of collaboration networks between teachers, students and companies, which go beyond the academic area, thereby responding to one of CEAGA\u00b4s primary mandates: to foster industrial competitiveness through collaboration.<\/p>\n<\/div><\/div>\n<\/div>\n\n\n\n<div class=\"wp-block-hacce-wrapper col-lg-4 mb-4 wow fadeIn\">\n<div class=\"wp-block-group propuesta\"><div class=\"wp-block-group__inner-container is-layout-flow wp-block-group-is-layout-flow\">\n<figure class=\"wp-block-image size-large\"><img decoding=\"async\" src=\"https:\/\/ceaga.com\/wp-content\/uploads\/2020\/01\/ico-reconocimiento-1.png\" alt=\"\" class=\"wp-image-1815\"\/><\/figure>\n\n\n\n<h4 class=\"wp-block-heading\">Internal and external recognition<\/h4>\n\n\n\n<p>The pursuit of excellence in the various training programmes offered by UCC has contributed to its recognition. In 2013, the UCC was awarded the \u201cExcellence in Practice Award\u201d, for its Management and Development of New Products Programme, by the prestigious European Foundation for Management Development (EFMD).&nbsp;<\/p>\n<\/div><\/div>\n<\/div>\n<\/div>\n<\/div><\/div>\n\n\n<div class=\"bloque-cursos-inicio\">\n    <div class=\"container container-padding wow fadeInLeft\" data-wow-offset=\"200\">\n        <div class=\"row\">\n            <div class=\"col-12 col-xl-4 bloque-cursos-inicio-titulo\">\n                <h2 class=\"mb-3 float-left\"><strong>Training offer<\/strong><\/h2>\n                <img decoding=\"async\" class=\"float-left ml-3\" src=\"https:\/\/www.ceaga.com\/wp-content\/themes\/haccematerial\/images\/ucc.png\" alt=\"Universidad Corporativa CEAGA\">\n                <p class=\"mb-4\">This initiative comes at the request of companies in the Galician automotive and mobility industry; they saw the need for a driving force for sector-wide change, with a view to the present and, above all, to the future. They needed a model which would be responsive to the changing needs of the companies, with a pre-eminently practical approach.<\/p>\n                                <a href=\"https:\/\/www.ceaga.com\/en\/ceaga-corporate-university\/training-offer\/\" class=\"btn-ceaga btn-ceaga-rojo\" title=\"See training offer\">See training offer<span><\/span><\/a>\n                            <\/div>\n        <\/div>\n    <\/div>\n    <div class=\"container-fluid container-padding wow fadeInRight\" data-wow-offset=\"200\">\n        <div class=\"row\">\n            <div class=\"col-12 col-xl-5\"><\/div>\n            <div class=\"col-12 col-xl-7\">\n\n                <div id=\"carruselCursosInicio\">\n                                        <div class=\"item\">\n                        <div class=\"curso\">\n                            <div class=\"cursoBG\" style=\"background-image: url(https:\/\/www.ceaga.com\/wp-content\/uploads\/2026\/04\/ABB-17.51.51.jpg);\"><\/div>\n                            <div class=\"caption\">\n                                <h4 class=\"mb-3\">PROGRAMACI\u00d3N ABB<\/h4>\n                                <p class=\"fecha mb-2\">\n                                    <img decoding=\"async\" class=\"float-left mr-2\" src=\"https:\/\/www.ceaga.com\/wp-content\/themes\/haccematerial\/images\/ico-fechas.png\">\n                                    de 18 May 2026 a 22 May 2026                                <\/p>\n                                <p class=\"fecha mb-2\">\n                                                                        <img decoding=\"async\" class=\"float-left mr-2\" src=\"https:\/\/www.ceaga.com\/wp-content\/themes\/haccematerial\/images\/ico-horas.png\">\n                                    40 hours                                                                    <\/p>\n                                <p class=\"fecha mb-2\">\n                                    <img decoding=\"async\" class=\"float-left mr-2\" src=\"https:\/\/www.ceaga.com\/wp-content\/themes\/haccematerial\/images\/ico-limite.png\">\n                                                                            4 May 2026                                                                    <\/p>\n                            <\/div>\n                            <p class=\"mb-0 masInfo\">\n                                                                <a href=\"https:\/\/www.ceaga.com\/wp-content\/uploads\/2026\/04\/Conv.-ABB-may26.pdf\" title=\"PROGRAMACI\u00d3N ABB\" target=\"_blank\">\n                                    <strong>DOWNLOAD MORE INFORMATION<\/strong>\n                                <\/a>\n                                                            <\/p>\n                        <\/div>\n                    <\/div>\n                                        <div class=\"item\">\n                        <div class=\"curso\">\n                            <div class=\"cursoBG\" style=\"background-image: url(https:\/\/www.ceaga.com\/wp-content\/uploads\/2026\/04\/TIA-PORTAL2.png);\"><\/div>\n                            <div class=\"caption\">\n                                <h4 class=\"mb-3\">Programaci\u00f3n TIA Portal_Nivel Avanzado<\/h4>\n                                <p class=\"fecha mb-2\">\n                                    <img decoding=\"async\" class=\"float-left mr-2\" src=\"https:\/\/www.ceaga.com\/wp-content\/themes\/haccematerial\/images\/ico-fechas.png\">\n                                    de 18 May 2026 a 28 May 2026                                <\/p>\n                                <p class=\"fecha mb-2\">\n                                                                        <img decoding=\"async\" class=\"float-left mr-2\" src=\"https:\/\/www.ceaga.com\/wp-content\/themes\/haccematerial\/images\/ico-horas.png\">\n                                    40 hours                                                                    <\/p>\n                                <p class=\"fecha mb-2\">\n                                    <img decoding=\"async\" class=\"float-left mr-2\" src=\"https:\/\/www.ceaga.com\/wp-content\/themes\/haccematerial\/images\/ico-limite.png\">\n                                                                            4 May 2026                                                                    <\/p>\n                            <\/div>\n                            <p class=\"mb-0 masInfo\">\n                                                                <a href=\"https:\/\/www.ceaga.com\/wp-content\/uploads\/2026\/04\/Conv.-Programacion-Tia-Portal-may26-1.pdf\" title=\"Programaci\u00f3n TIA Portal_Nivel Avanzado\" target=\"_blank\">\n                                    <strong>DOWNLOAD MORE INFORMATION<\/strong>\n                                <\/a>\n                                                            <\/p>\n                        <\/div>\n                    <\/div>\n                                        <div class=\"item\">\n                        <div class=\"curso\">\n                            <div class=\"cursoBG\" style=\"background-image: url(https:\/\/www.ceaga.com\/wp-content\/uploads\/2026\/04\/IA-SISTEMAS-GESTION-17.51.51.png);\"><\/div>\n                            <div class=\"caption\">\n                                <h4 class=\"mb-3\">IA Aplicada a Sistemas de Gesti\u00f3n<\/h4>\n                                <p class=\"fecha mb-2\">\n                                    <img decoding=\"async\" class=\"float-left mr-2\" src=\"https:\/\/www.ceaga.com\/wp-content\/themes\/haccematerial\/images\/ico-fechas.png\">\n                                    de 25 May 2026 a 26 May 2026                                <\/p>\n                                <p class=\"fecha mb-2\">\n                                                                        <img decoding=\"async\" class=\"float-left mr-2\" src=\"https:\/\/www.ceaga.com\/wp-content\/themes\/haccematerial\/images\/ico-horas.png\">\n                                    13 hours                                                                     <\/p>\n                                <p class=\"fecha mb-2\">\n                                    <img decoding=\"async\" class=\"float-left mr-2\" src=\"https:\/\/www.ceaga.com\/wp-content\/themes\/haccematerial\/images\/ico-limite.png\">\n                                                                            11 May 2026                                                                    <\/p>\n                            <\/div>\n                            <p class=\"mb-0 masInfo\">\n                                                                <a href=\"https:\/\/www.ceaga.com\/wp-content\/uploads\/2026\/04\/Conv.-IA-aplicada-a-sistemas-de-gestion-may26.pdf\" title=\"IA Aplicada a Sistemas de Gesti\u00f3n\" target=\"_blank\">\n                                    <strong>DOWNLOAD MORE INFORMATION<\/strong>\n                                <\/a>\n                                                            <\/p>\n                        <\/div>\n                    <\/div>\n                                    <\/div>\n\n            <\/div>\n        <\/div>\n    <\/div>\n<\/div>\n\n<script type=\"text\/javascript\">\njQuery(document).ready(function($) {\n    var slider = tns({\n        \"container\": '#carruselCursosInicio',\n        \"center\": false,\n        \"loop\": false,\n        \"swipeAngle\": false,\n        \"speed\": 400,\n        \"controls\": false,\n        \"nav\": false,\n        \"mouseDrag\": true,\n        \"gutter\": 0,\n        \"autoplay\": false,\n        \"autoplayButtonOutput\": false,\n        \"items\": 1.25,\n        \"responsive\": {\n            \"768\": {\n              \"items\": 1.5\n            },\n            \"992\": {\n              \"items\": 2.25\n            },\n            \"1200\": {\n              \"items\": 1.25\n            },\n            \"1500\": {\n              \"items\": 2.25\n            },\n        },\n    });\n});\n<\/script>","protected":false},"excerpt":{"rendered":"","protected":false},"author":47,"featured_media":0,"parent":0,"menu_order":0,"comment_status":"closed","ping_status":"closed","template":"templates\/template-formacion.php","meta":{"_acf_changed":false,"footnotes":""},"acf":[],"yoast_head":"<!-- This site is optimized with the Yoast SEO plugin v23.0 - https:\/\/yoast.com\/wordpress\/plugins\/seo\/ -->\n<title>CEAGA Corporate University - CEAGA. Cluster de Automocion y Movilidad de Galicia<\/title>\n<meta name=\"robots\" content=\"index, follow, max-snippet:-1, max-image-preview:large, max-video-preview:-1\" \/>\n<link rel=\"canonical\" href=\"https:\/\/www.ceaga.com\/en\/ceaga-corporate-university\/\" \/>\n<meta property=\"og:locale\" content=\"en_US\" \/>\n<meta property=\"og:type\" content=\"article\" \/>\n<meta property=\"og:title\" content=\"CEAGA Corporate University - CEAGA. Cluster de Automocion y Movilidad de Galicia\" \/>\n<meta property=\"og:url\" content=\"https:\/\/www.ceaga.com\/en\/ceaga-corporate-university\/\" \/>\n<meta property=\"og:site_name\" content=\"CEAGA. Cluster de Automocion y Movilidad de Galicia\" \/>\n<meta property=\"article:modified_time\" content=\"2026-04-09T06:08:44+00:00\" \/>\n<meta property=\"og:image\" content=\"https:\/\/ceaga.com\/wp-content\/uploads\/2020\/02\/logo_ucc_white-300x85.png\" \/>\n<meta name=\"twitter:card\" content=\"summary_large_image\" \/>\n<meta name=\"twitter:label1\" content=\"Est. reading time\" \/>\n\t<meta name=\"twitter:data1\" content=\"4 minutes\" \/>\n<script type=\"application\/ld+json\" class=\"yoast-schema-graph\">{\"@context\":\"https:\/\/schema.org\",\"@graph\":[{\"@type\":\"WebPage\",\"@id\":\"https:\/\/www.ceaga.com\/en\/ceaga-corporate-university\/\",\"url\":\"https:\/\/www.ceaga.com\/en\/ceaga-corporate-university\/\",\"name\":\"CEAGA Corporate University - CEAGA. Cluster de Automocion y Movilidad de Galicia\",\"isPartOf\":{\"@id\":\"https:\/\/www.ceaga.com\/en\/#website\"},\"primaryImageOfPage\":{\"@id\":\"https:\/\/www.ceaga.com\/en\/ceaga-corporate-university\/#primaryimage\"},\"image\":{\"@id\":\"https:\/\/www.ceaga.com\/en\/ceaga-corporate-university\/#primaryimage\"},\"thumbnailUrl\":\"https:\/\/ceaga.com\/wp-content\/uploads\/2020\/02\/logo_ucc_white-300x85.png\",\"datePublished\":\"2020-01-15T10:07:41+00:00\",\"dateModified\":\"2026-04-09T06:08:44+00:00\",\"breadcrumb\":{\"@id\":\"https:\/\/www.ceaga.com\/en\/ceaga-corporate-university\/#breadcrumb\"},\"inLanguage\":\"en-US\",\"potentialAction\":[{\"@type\":\"ReadAction\",\"target\":[\"https:\/\/www.ceaga.com\/en\/ceaga-corporate-university\/\"]}]},{\"@type\":\"ImageObject\",\"inLanguage\":\"en-US\",\"@id\":\"https:\/\/www.ceaga.com\/en\/ceaga-corporate-university\/#primaryimage\",\"url\":\"https:\/\/ceaga.com\/wp-content\/uploads\/2020\/02\/logo_ucc_white-300x85.png\",\"contentUrl\":\"https:\/\/ceaga.com\/wp-content\/uploads\/2020\/02\/logo_ucc_white-300x85.png\"},{\"@type\":\"BreadcrumbList\",\"@id\":\"https:\/\/www.ceaga.com\/en\/ceaga-corporate-university\/#breadcrumb\",\"itemListElement\":[{\"@type\":\"ListItem\",\"position\":1,\"name\":\"Portada\",\"item\":\"https:\/\/www.ceaga.com\/en\/\"},{\"@type\":\"ListItem\",\"position\":2,\"name\":\"CEAGA Corporate University\"}]},{\"@type\":\"WebSite\",\"@id\":\"https:\/\/www.ceaga.com\/en\/#website\",\"url\":\"https:\/\/www.ceaga.com\/en\/\",\"name\":\"CEAGA. Cluster de Automoci\u00f3n y Movilidad de Galicia\",\"description\":\"CEAGA atesora a\u00f1os de experiencia en la puesta en marcha de proyectos colaborativos de alto impacto. Actualmente, damos soporte y apoyo estrat\u00e9gico en cluster management a otras entidades a nivel nacional e internacional. Para m\u00e1s info, solicita una reuni\u00f3n a trav\u00e9s de: ceaga@ceaga.com\",\"potentialAction\":[{\"@type\":\"SearchAction\",\"target\":{\"@type\":\"EntryPoint\",\"urlTemplate\":\"https:\/\/www.ceaga.com\/en\/?s={search_term_string}\"},\"query-input\":\"required name=search_term_string\"}],\"inLanguage\":\"en-US\"}]}<\/script>\n<!-- \/ Yoast SEO plugin. -->","yoast_head_json":{"title":"CEAGA Corporate University - CEAGA. Cluster de Automocion y Movilidad de Galicia","robots":{"index":"index","follow":"follow","max-snippet":"max-snippet:-1","max-image-preview":"max-image-preview:large","max-video-preview":"max-video-preview:-1"},"canonical":"https:\/\/www.ceaga.com\/en\/ceaga-corporate-university\/","og_locale":"en_US","og_type":"article","og_title":"CEAGA Corporate University - CEAGA. Cluster de Automocion y Movilidad de Galicia","og_url":"https:\/\/www.ceaga.com\/en\/ceaga-corporate-university\/","og_site_name":"CEAGA. Cluster de Automocion y Movilidad de Galicia","article_modified_time":"2026-04-09T06:08:44+00:00","og_image":[{"url":"https:\/\/ceaga.com\/wp-content\/uploads\/2020\/02\/logo_ucc_white-300x85.png"}],"twitter_card":"summary_large_image","twitter_misc":{"Est. reading time":"4 minutes"},"schema":{"@context":"https:\/\/schema.org","@graph":[{"@type":"WebPage","@id":"https:\/\/www.ceaga.com\/en\/ceaga-corporate-university\/","url":"https:\/\/www.ceaga.com\/en\/ceaga-corporate-university\/","name":"CEAGA Corporate University - CEAGA. Cluster de Automocion y Movilidad de Galicia","isPartOf":{"@id":"https:\/\/www.ceaga.com\/en\/#website"},"primaryImageOfPage":{"@id":"https:\/\/www.ceaga.com\/en\/ceaga-corporate-university\/#primaryimage"},"image":{"@id":"https:\/\/www.ceaga.com\/en\/ceaga-corporate-university\/#primaryimage"},"thumbnailUrl":"https:\/\/ceaga.com\/wp-content\/uploads\/2020\/02\/logo_ucc_white-300x85.png","datePublished":"2020-01-15T10:07:41+00:00","dateModified":"2026-04-09T06:08:44+00:00","breadcrumb":{"@id":"https:\/\/www.ceaga.com\/en\/ceaga-corporate-university\/#breadcrumb"},"inLanguage":"en-US","potentialAction":[{"@type":"ReadAction","target":["https:\/\/www.ceaga.com\/en\/ceaga-corporate-university\/"]}]},{"@type":"ImageObject","inLanguage":"en-US","@id":"https:\/\/www.ceaga.com\/en\/ceaga-corporate-university\/#primaryimage","url":"https:\/\/ceaga.com\/wp-content\/uploads\/2020\/02\/logo_ucc_white-300x85.png","contentUrl":"https:\/\/ceaga.com\/wp-content\/uploads\/2020\/02\/logo_ucc_white-300x85.png"},{"@type":"BreadcrumbList","@id":"https:\/\/www.ceaga.com\/en\/ceaga-corporate-university\/#breadcrumb","itemListElement":[{"@type":"ListItem","position":1,"name":"Portada","item":"https:\/\/www.ceaga.com\/en\/"},{"@type":"ListItem","position":2,"name":"CEAGA Corporate University"}]},{"@type":"WebSite","@id":"https:\/\/www.ceaga.com\/en\/#website","url":"https:\/\/www.ceaga.com\/en\/","name":"CEAGA. Cluster de Automoci\u00f3n y Movilidad de Galicia","description":"CEAGA atesora a\u00f1os de experiencia en la puesta en marcha de proyectos colaborativos de alto impacto. Actualmente, damos soporte y apoyo estrat\u00e9gico en cluster management a otras entidades a nivel nacional e internacional. Para m\u00e1s info, solicita una reuni\u00f3n a trav\u00e9s de: ceaga@ceaga.com","potentialAction":[{"@type":"SearchAction","target":{"@type":"EntryPoint","urlTemplate":"https:\/\/www.ceaga.com\/en\/?s={search_term_string}"},"query-input":"required name=search_term_string"}],"inLanguage":"en-US"}]}},"_links":{"self":[{"href":"https:\/\/www.ceaga.com\/en\/wp-json\/wp\/v2\/pages\/1645"}],"collection":[{"href":"https:\/\/www.ceaga.com\/en\/wp-json\/wp\/v2\/pages"}],"about":[{"href":"https:\/\/www.ceaga.com\/en\/wp-json\/wp\/v2\/types\/page"}],"author":[{"embeddable":true,"href":"https:\/\/www.ceaga.com\/en\/wp-json\/wp\/v2\/users\/47"}],"replies":[{"embeddable":true,"href":"https:\/\/www.ceaga.com\/en\/wp-json\/wp\/v2\/comments?post=1645"}],"version-history":[{"count":22,"href":"https:\/\/www.ceaga.com\/en\/wp-json\/wp\/v2\/pages\/1645\/revisions"}],"predecessor-version":[{"id":24194,"href":"https:\/\/www.ceaga.com\/en\/wp-json\/wp\/v2\/pages\/1645\/revisions\/24194"}],"wp:attachment":[{"href":"https:\/\/www.ceaga.com\/en\/wp-json\/wp\/v2\/media?parent=1645"}],"curies":[{"name":"wp","href":"https:\/\/api.w.org\/{rel}","templated":true}]}}